{"id":564,"date":"2022-08-08T16:16:45","date_gmt":"2022-08-08T14:16:45","guid":{"rendered":"https:\/\/lets-celebrate.be\/choux\/?page_id=564"},"modified":"2023-08-29T15:30:16","modified_gmt":"2023-08-29T13:30:16","slug":"news","status":"publish","type":"page","link":"https:\/\/chouxdebruxelles.be\/fr\/news\/","title":{"rendered":"Actualit\u00e9s"},"content":{"rendered":"\t\t<div data-elementor-type=\"wp-page\" data-elementor-id=\"564\" class=\"elementor elementor-564\" data-elementor-post-type=\"page\">\n\t\t\t\t\t\t<section class=\"elementor-section elementor-top-section elementor-element elementor-element-1e874c9 elementor-section-height-min-height elementor-section-content-middle elementor-section-boxed elementor-section-height-default elementor-section-items-middle\" data-id=\"1e874c9\" data-element_type=\"section\" data-settings=\"{&quot;background_background&quot;:&quot;classic&quot;}\">\n\t\t\t\t\t\t\t<div class=\"elementor-background-overlay\"><\/div>\n\t\t\t\t\t\t\t<div class=\"elementor-container elementor-column-gap-default\">\n\t\t\t\t\t<div class=\"elementor-column elementor-col-100 elementor-top-column elementor-element elementor-element-9939a2b\" data-id=\"9939a2b\" data-element_type=\"column\">\n\t\t\t<div class=\"elementor-widget-wrap elementor-element-populated\">\n\t\t\t\t\t\t<div class=\"elementor-element elementor-element-0066e90 elementor-widget elementor-widget-spacer\" data-id=\"0066e90\" data-element_type=\"widget\" data-widget_type=\"spacer.default\">\n\t\t\t\t<div class=\"elementor-widget-container\">\n\t\t\t<style>\/*! elementor - v3.21.0 - 26-05-2024 *\/\n.elementor-column .elementor-spacer-inner{height:var(--spacer-size)}.e-con{--container-widget-width:100%}.e-con-inner>.elementor-widget-spacer,.e-con>.elementor-widget-spacer{width:var(--container-widget-width,var(--spacer-size));--align-self:var(--container-widget-align-self,initial);--flex-shrink:0}.e-con-inner>.elementor-widget-spacer>.elementor-widget-container,.e-con>.elementor-widget-spacer>.elementor-widget-container{height:100%;width:100%}.e-con-inner>.elementor-widget-spacer>.elementor-widget-container>.elementor-spacer,.e-con>.elementor-widget-spacer>.elementor-widget-container>.elementor-spacer{height:100%}.e-con-inner>.elementor-widget-spacer>.elementor-widget-container>.elementor-spacer>.elementor-spacer-inner,.e-con>.elementor-widget-spacer>.elementor-widget-container>.elementor-spacer>.elementor-spacer-inner{height:var(--container-widget-height,var(--spacer-size))}.e-con-inner>.elementor-widget-spacer.elementor-widget-empty,.e-con>.elementor-widget-spacer.elementor-widget-empty{position:relative;min-height:22px;min-width:22px}.e-con-inner>.elementor-widget-spacer.elementor-widget-empty .elementor-widget-empty-icon,.e-con>.elementor-widget-spacer.elementor-widget-empty .elementor-widget-empty-icon{position:absolute;top:0;bottom:0;left:0;right:0;margin:auto;padding:0;width:22px;height:22px}<\/style>\t\t<div class=\"elementor-spacer\">\n\t\t\t<div class=\"elementor-spacer-inner\"><\/div>\n\t\t<\/div>\n\t\t\t\t<\/div>\n\t\t\t\t<\/div>\n\t\t\t\t<div class=\"elementor-element elementor-element-8873502 elementor-invisible elementor-widget elementor-widget-heading\" data-id=\"8873502\" data-element_type=\"widget\" data-settings=\"{&quot;_animation&quot;:&quot;fadeIn&quot;,&quot;_animation_delay&quot;:0}\" data-widget_type=\"heading.default\">\n\t\t\t\t<div class=\"elementor-widget-container\">\n\t\t\t<style>\/*! elementor - v3.21.0 - 26-05-2024 *\/\n.elementor-heading-title{padding:0;margin:0;line-height:1}.elementor-widget-heading .elementor-heading-title[class*=elementor-size-]>a{color:inherit;font-size:inherit;line-height:inherit}.elementor-widget-heading .elementor-heading-title.elementor-size-small{font-size:15px}.elementor-widget-heading .elementor-heading-title.elementor-size-medium{font-size:19px}.elementor-widget-heading .elementor-heading-title.elementor-size-large{font-size:29px}.elementor-widget-heading .elementor-heading-title.elementor-size-xl{font-size:39px}.elementor-widget-heading .elementor-heading-title.elementor-size-xxl{font-size:59px}<\/style><h1 class=\"elementor-heading-title elementor-size-default\">Actualit\u00e9s : d\u00e9couvrez toutes nos news<\/h1>\t\t<\/div>\n\t\t\t\t<\/div>\n\t\t\t\t<div class=\"elementor-element elementor-element-5ca7c5a animated-slow elementor-align-center elementor-invisible elementor-widget elementor-widget-lottie\" data-id=\"5ca7c5a\" data-element_type=\"widget\" data-settings=\"{&quot;source_json&quot;:{&quot;url&quot;:&quot;https:\\\/\\\/chouxdebruxelles.be\\\/wp-content\\\/uploads\\\/2022\\\/12\\\/Scroll-Down-1-1.json&quot;,&quot;id&quot;:&quot;3995&quot;,&quot;size&quot;:&quot;&quot;},&quot;link_to&quot;:&quot;custom&quot;,&quot;custom_link&quot;:{&quot;url&quot;:&quot;#section&quot;,&quot;is_external&quot;:&quot;&quot;,&quot;nofollow&quot;:&quot;&quot;,&quot;custom_attributes&quot;:&quot;&quot;},&quot;loop&quot;:&quot;yes&quot;,&quot;play_speed&quot;:{&quot;unit&quot;:&quot;px&quot;,&quot;size&quot;:0.7,&quot;sizes&quot;:[]},&quot;_animation&quot;:&quot;fadeIn&quot;,&quot;_animation_delay&quot;:600,&quot;source&quot;:&quot;media_file&quot;,&quot;caption_source&quot;:&quot;none&quot;,&quot;trigger&quot;:&quot;arriving_to_viewport&quot;,&quot;viewport&quot;:{&quot;unit&quot;:&quot;%&quot;,&quot;size&quot;:&quot;&quot;,&quot;sizes&quot;:{&quot;start&quot;:0,&quot;end&quot;:100}},&quot;start_point&quot;:{&quot;unit&quot;:&quot;%&quot;,&quot;size&quot;:&quot;0&quot;,&quot;sizes&quot;:[]},&quot;end_point&quot;:{&quot;unit&quot;:&quot;%&quot;,&quot;size&quot;:&quot;100&quot;,&quot;sizes&quot;:[]},&quot;renderer&quot;:&quot;svg&quot;}\" data-widget_type=\"lottie.default\">\n\t\t\t\t<div class=\"elementor-widget-container\">\n\t\t\t<style>\/*! elementor-pro - v3.18.0 - 20-12-2023 *\/\n.e-lottie__container{display:inline-block;max-width:var(--lottie-container-max-width);width:var(--lottie-container-width);opacity:var(--lottie-container-opacity)}.e-lottie__container:hover{opacity:var(--lottie-container-opacity-hover);transition-duration:var(--lottie-container-transition-duration-hover)}.e-lottie__container svg,.e-lottie__container svg *{transition:none!important}.e-lottie__caption{color:var(--caption-color);margin-top:var(--caption-margin-top);text-align:var(--caption-text-align)}<\/style><a class=\"e-lottie__container__link\" href=\"#section\"><div class=\"e-lottie__container\"><div class=\"e-lottie__animation\"><\/div><\/div><\/a>\t\t<\/div>\n\t\t\t\t<\/div>\n\t\t\t\t<div class=\"elementor-element elementor-element-72da154 elementor-widget elementor-widget-spacer\" data-id=\"72da154\" data-element_type=\"widget\" data-widget_type=\"spacer.default\">\n\t\t\t\t<div class=\"elementor-widget-container\">\n\t\t\t\t\t<div class=\"elementor-spacer\">\n\t\t\t<div class=\"elementor-spacer-inner\"><\/div>\n\t\t<\/div>\n\t\t\t\t<\/div>\n\t\t\t\t<\/div>\n\t\t\t\t\t<\/div>\n\t\t<\/div>\n\t\t\t\t\t<\/div>\n\t\t<\/section>\n\t\t\t\t<section class=\"elementor-section elementor-top-section elementor-element elementor-element-24a6ba4 elementor-section-boxed elementor-section-height-default elementor-section-height-default\" data-id=\"24a6ba4\" data-element_type=\"section\" id=\"section\" data-settings=\"{&quot;background_background&quot;:&quot;classic&quot;}\">\n\t\t\t\t\t\t<div class=\"elementor-container elementor-column-gap-default\">\n\t\t\t\t\t<div class=\"elementor-column elementor-col-100 elementor-top-column elementor-element elementor-element-d801951\" data-id=\"d801951\" data-element_type=\"column\">\n\t\t\t<div class=\"elementor-widget-wrap elementor-element-populated\">\n\t\t\t\t\t\t<div class=\"elementor-element elementor-element-8e6b84e elementor-widget elementor-widget-spacer\" data-id=\"8e6b84e\" data-element_type=\"widget\" data-widget_type=\"spacer.default\">\n\t\t\t\t<div class=\"elementor-widget-container\">\n\t\t\t\t\t<div class=\"elementor-spacer\">\n\t\t\t<div class=\"elementor-spacer-inner\"><\/div>\n\t\t<\/div>\n\t\t\t\t<\/div>\n\t\t\t\t<\/div>\n\t\t\t\t\t<\/div>\n\t\t<\/div>\n\t\t\t\t\t<\/div>\n\t\t<\/section>\n\t\t\t\t<section class=\"elementor-section elementor-top-section elementor-element elementor-element-338b735 elementor-section-boxed elementor-section-height-default elementor-section-height-default\" data-id=\"338b735\" data-element_type=\"section\" data-settings=\"{&quot;background_background&quot;:&quot;classic&quot;}\">\n\t\t\t\t\t\t<div class=\"elementor-container elementor-column-gap-default\">\n\t\t\t\t\t<div class=\"elementor-column elementor-col-100 elementor-top-column elementor-element elementor-element-60c4068\" data-id=\"60c4068\" data-element_type=\"column\">\n\t\t\t<div class=\"elementor-widget-wrap elementor-element-populated\">\n\t\t\t\t\t\t<div class=\"elementor-element elementor-element-1bc7189 elementor-invisible elementor-widget elementor-widget-text-editor\" data-id=\"1bc7189\" data-element_type=\"widget\" data-settings=\"{&quot;_animation&quot;:&quot;fadeIn&quot;,&quot;_animation_delay&quot;:0}\" data-widget_type=\"text-editor.default\">\n\t\t\t\t<div class=\"elementor-widget-container\">\n\t\t\t<style>\/*! elementor - v3.21.0 - 26-05-2024 *\/\n.elementor-widget-text-editor.elementor-drop-cap-view-stacked .elementor-drop-cap{background-color:#69727d;color:#fff}.elementor-widget-text-editor.elementor-drop-cap-view-framed .elementor-drop-cap{color:#69727d;border:3px solid;background-color:transparent}.elementor-widget-text-editor:not(.elementor-drop-cap-view-default) .elementor-drop-cap{margin-top:8px}.elementor-widget-text-editor:not(.elementor-drop-cap-view-default) .elementor-drop-cap-letter{width:1em;height:1em}.elementor-widget-text-editor .elementor-drop-cap{float:left;text-align:center;line-height:1;font-size:50px}.elementor-widget-text-editor .elementor-drop-cap-letter{display:inline-block}<\/style>\t\t\t\t<p>Les choses bougent chez Choux de Bruxelles ! Restez connect\u00e9 pour d\u00e9couvrir toutes les actualit\u00e9s li\u00e9es \u00e0 l&rsquo;HORECA et le secteur \u00e9v\u00e9nementiel en perp\u00e9tuelle \u00e9volution.<\/p>\t\t\t\t\t\t<\/div>\n\t\t\t\t<\/div>\n\t\t\t\t\t<\/div>\n\t\t<\/div>\n\t\t\t\t\t<\/div>\n\t\t<\/section>\n\t\t\t\t<section class=\"elementor-section elementor-top-section elementor-element elementor-element-ac67df4 elementor-section-boxed elementor-section-height-default elementor-section-height-default\" data-id=\"ac67df4\" data-element_type=\"section\" data-settings=\"{&quot;background_background&quot;:&quot;classic&quot;}\">\n\t\t\t\t\t\t<div class=\"elementor-container elementor-column-gap-default\">\n\t\t\t\t\t<div class=\"elementor-column elementor-col-100 elementor-top-column elementor-element elementor-element-ef63fca\" data-id=\"ef63fca\" data-element_type=\"column\">\n\t\t\t<div class=\"elementor-widget-wrap elementor-element-populated\">\n\t\t\t\t\t\t<div class=\"elementor-element elementor-element-5536562 elementor-widget elementor-widget-spacer\" data-id=\"5536562\" data-element_type=\"widget\" data-widget_type=\"spacer.default\">\n\t\t\t\t<div class=\"elementor-widget-container\">\n\t\t\t\t\t<div class=\"elementor-spacer\">\n\t\t\t<div class=\"elementor-spacer-inner\"><\/div>\n\t\t<\/div>\n\t\t\t\t<\/div>\n\t\t\t\t<\/div>\n\t\t\t\t\t<\/div>\n\t\t<\/div>\n\t\t\t\t\t<\/div>\n\t\t<\/section>\n\t\t\t\t<section class=\"elementor-section elementor-top-section elementor-element elementor-element-d20a4f9 elementor-section-boxed elementor-section-height-default elementor-section-height-default\" data-id=\"d20a4f9\" data-element_type=\"section\" data-settings=\"{&quot;background_background&quot;:&quot;classic&quot;}\">\n\t\t\t\t\t\t<div class=\"elementor-container elementor-column-gap-default\">\n\t\t\t\t\t<div class=\"elementor-column elementor-col-100 elementor-top-column elementor-element elementor-element-2909e43\" data-id=\"2909e43\" data-element_type=\"column\">\n\t\t\t<div class=\"elementor-widget-wrap elementor-element-populated\">\n\t\t\t\t\t\t<div class=\"elementor-element elementor-element-cd7a9c6 elementor-widget elementor-widget-spacer\" data-id=\"cd7a9c6\" data-element_type=\"widget\" data-widget_type=\"spacer.default\">\n\t\t\t\t<div class=\"elementor-widget-container\">\n\t\t\t\t\t<div class=\"elementor-spacer\">\n\t\t\t<div class=\"elementor-spacer-inner\"><\/div>\n\t\t<\/div>\n\t\t\t\t<\/div>\n\t\t\t\t<\/div>\n\t\t\t\t\t<\/div>\n\t\t<\/div>\n\t\t\t\t\t<\/div>\n\t\t<\/section>\n\t\t\t\t<section class=\"elementor-section elementor-top-section elementor-element elementor-element-d9ba8bf elementor-section-content-middle elementor-section-boxed elementor-section-height-default elementor-section-height-default\" data-id=\"d9ba8bf\" data-element_type=\"section\">\n\t\t\t\t\t\t<div class=\"elementor-container elementor-column-gap-no\">\n\t\t\t\t\t<div class=\"elementor-column elementor-col-100 elementor-top-column elementor-element elementor-element-7486d91\" data-id=\"7486d91\" data-element_type=\"column\">\n\t\t\t<div class=\"elementor-widget-wrap elementor-element-populated\">\n\t\t\t\t\t\t<div class=\"elementor-element elementor-element-85dba30 elementor-posts--align-left elementor-widget__width-inherit elementor-grid-3 elementor-grid-tablet-2 elementor-grid-mobile-1 elementor-posts--thumbnail-top elementor-card-shadow-yes elementor-posts__hover-gradient elementor-invisible elementor-widget elementor-widget-posts\" data-id=\"85dba30\" data-element_type=\"widget\" data-settings=\"{&quot;pagination_type&quot;:&quot;load_more_infinite_scroll&quot;,&quot;_animation&quot;:&quot;fadeIn&quot;,&quot;cards_row_gap_mobile&quot;:{&quot;unit&quot;:&quot;px&quot;,&quot;size&quot;:20,&quot;sizes&quot;:[]},&quot;cards_columns&quot;:&quot;3&quot;,&quot;cards_columns_tablet&quot;:&quot;2&quot;,&quot;cards_columns_mobile&quot;:&quot;1&quot;,&quot;cards_row_gap&quot;:{&quot;unit&quot;:&quot;px&quot;,&quot;size&quot;:35,&quot;sizes&quot;:[]},&quot;cards_row_gap_tablet&quot;:{&quot;unit&quot;:&quot;px&quot;,&quot;size&quot;:&quot;&quot;,&quot;sizes&quot;:[]},&quot;load_more_spinner&quot;:{&quot;value&quot;:&quot;fas fa-spinner&quot;,&quot;library&quot;:&quot;fa-solid&quot;}}\" data-widget_type=\"posts.cards\">\n\t\t\t\t<div class=\"elementor-widget-container\">\n\t\t\t<link rel=\"stylesheet\" href=\"https:\/\/chouxdebruxelles.be\/wp-content\/plugins\/elementor-pro\/assets\/css\/widget-posts.min.css\">\t\t<div class=\"elementor-posts-container elementor-posts elementor-posts--skin-cards elementor-grid\">\n\t\t\t\t<article class=\"elementor-post elementor-grid-item post-14586 post type-post status-publish format-standard has-post-thumbnail hentry category-blog\">\n\t\t\t<div class=\"elementor-post__card\">\n\t\t\t\t<a class=\"elementor-post__thumbnail__link\" href=\"https:\/\/chouxdebruxelles.be\/fr\/blog\/shiftingpact-un-engagement-concret-pour-des-evenements-plus-responsables\/\" tabindex=\"-1\"><div class=\"elementor-post__thumbnail\"><img loading=\"lazy\" decoding=\"async\" width=\"1333\" height=\"800\" src=\"https:\/\/chouxdebruxelles.be\/wp-content\/uploads\/2026\/04\/Choux-de-Bruxelles-green-plate-aspargus-top-view.jpg\" class=\"attachment-full size-full wp-image-14635\" alt=\"Choux de Bruxelles green plate aspargus top view\" srcset=\"https:\/\/chouxdebruxelles.be\/wp-content\/uploads\/2026\/04\/Choux-de-Bruxelles-green-plate-aspargus-top-view.jpg 1333w, https:\/\/chouxdebruxelles.be\/wp-content\/uploads\/2026\/04\/Choux-de-Bruxelles-green-plate-aspargus-top-view-300x180.jpg 300w, https:\/\/chouxdebruxelles.be\/wp-content\/uploads\/2026\/04\/Choux-de-Bruxelles-green-plate-aspargus-top-view-1024x615.jpg 1024w, https:\/\/chouxdebruxelles.be\/wp-content\/uploads\/2026\/04\/Choux-de-Bruxelles-green-plate-aspargus-top-view-768x461.jpg 768w\" sizes=\"(max-width: 1333px) 100vw, 1333px\" \/><\/div><\/a>\n\t\t\t\t<div class=\"elementor-post__text\">\n\t\t\t\t<h3 class=\"elementor-post__title\">\n\t\t\t<a href=\"https:\/\/chouxdebruxelles.be\/fr\/blog\/shiftingpact-un-engagement-concret-pour-des-evenements-plus-responsables\/\">\n\t\t\t\tShiftingPact : un engagement concret pour des \u00e9v\u00e9nements plus responsables\t\t\t<\/a>\n\t\t<\/h3>\n\t\t\t\t<div class=\"elementor-post__excerpt\">\n\t\t\t<p>ShiftingPact : d\u00e9couvrez comment Choux de Bruxelles s\u2019engage pour un traiteur durable \u00e0 Bruxelles. \u00c9v\u00e9nementiel responsable, cuisine de saison et pratiques \u00e9co-responsables.<\/p>\n\t\t<\/div>\n\t\t\n\t\t<a class=\"elementor-post__read-more\" href=\"https:\/\/chouxdebruxelles.be\/fr\/blog\/shiftingpact-un-engagement-concret-pour-des-evenements-plus-responsables\/\" aria-label=\"En savoir plus sur ShiftingPact : un engagement concret pour des \u00e9v\u00e9nements plus responsables\" tabindex=\"-1\">\n\t\t\tLire plus &gt;\t\t<\/a>\n\n\t\t\t\t<\/div>\n\t\t\t\t<div class=\"elementor-post__meta-data\">\n\t\t\t\t\t<span class=\"elementor-post-date\">\n\t\t\t1 avril 2026\t\t<\/span>\n\t\t\t\t<\/div>\n\t\t\t\t\t<\/div>\n\t\t<\/article>\n\t\t\t\t<article class=\"elementor-post elementor-grid-item post-14388 post type-post status-publish format-standard has-post-thumbnail hentry category-blog\">\n\t\t\t<div class=\"elementor-post__card\">\n\t\t\t\t<a class=\"elementor-post__thumbnail__link\" href=\"https:\/\/chouxdebruxelles.be\/fr\/blog\/tendances-mariage-2026\/\" tabindex=\"-1\"><div class=\"elementor-post__thumbnail\"><img loading=\"lazy\" decoding=\"async\" width=\"1333\" height=\"800\" src=\"https:\/\/chouxdebruxelles.be\/wp-content\/uploads\/2026\/02\/Choux-de-Bruxelles-tendances-mariage-2026-bouquet-voiture.jpg\" class=\"attachment-full size-full wp-image-14393\" alt=\"Choux de Bruxelles tendances mariage 2026 bouquet voiture\" srcset=\"https:\/\/chouxdebruxelles.be\/wp-content\/uploads\/2026\/02\/Choux-de-Bruxelles-tendances-mariage-2026-bouquet-voiture.jpg 1333w, https:\/\/chouxdebruxelles.be\/wp-content\/uploads\/2026\/02\/Choux-de-Bruxelles-tendances-mariage-2026-bouquet-voiture-300x180.jpg 300w, https:\/\/chouxdebruxelles.be\/wp-content\/uploads\/2026\/02\/Choux-de-Bruxelles-tendances-mariage-2026-bouquet-voiture-1024x615.jpg 1024w, https:\/\/chouxdebruxelles.be\/wp-content\/uploads\/2026\/02\/Choux-de-Bruxelles-tendances-mariage-2026-bouquet-voiture-768x461.jpg 768w\" sizes=\"(max-width: 1333px) 100vw, 1333px\" \/><\/div><\/a>\n\t\t\t\t<div class=\"elementor-post__text\">\n\t\t\t\t<h3 class=\"elementor-post__title\">\n\t\t\t<a href=\"https:\/\/chouxdebruxelles.be\/fr\/blog\/tendances-mariage-2026\/\">\n\t\t\t\tTendances mariage 2026\t\t\t<\/a>\n\t\t<\/h3>\n\t\t\t\t<div class=\"elementor-post__excerpt\">\n\t\t\t<p>D\u00e9couvrez les tendances mariage 2026 : tables sc\u00e9nographiques, draping, nature brute, gastronomie immersive et digital ma\u00eetris\u00e9 pour cr\u00e9er une exp\u00e9rience inoubliable.<\/p>\n\t\t<\/div>\n\t\t\n\t\t<a class=\"elementor-post__read-more\" href=\"https:\/\/chouxdebruxelles.be\/fr\/blog\/tendances-mariage-2026\/\" aria-label=\"En savoir plus sur Tendances mariage 2026\" tabindex=\"-1\">\n\t\t\tLire plus &gt;\t\t<\/a>\n\n\t\t\t\t<\/div>\n\t\t\t\t<div class=\"elementor-post__meta-data\">\n\t\t\t\t\t<span class=\"elementor-post-date\">\n\t\t\t19 f\u00e9vrier 2026\t\t<\/span>\n\t\t\t\t<\/div>\n\t\t\t\t\t<\/div>\n\t\t<\/article>\n\t\t\t\t<article class=\"elementor-post elementor-grid-item post-13026 post type-post status-publish format-standard has-post-thumbnail hentry category-blog\">\n\t\t\t<div class=\"elementor-post__card\">\n\t\t\t\t<a class=\"elementor-post__thumbnail__link\" href=\"https:\/\/chouxdebruxelles.be\/fr\/blog\/lelegance-invisible-du-maitre-dhotel\/\" tabindex=\"-1\"><div class=\"elementor-post__thumbnail\"><img loading=\"lazy\" decoding=\"async\" width=\"1333\" height=\"800\" src=\"https:\/\/chouxdebruxelles.be\/wp-content\/uploads\/2025\/09\/Emmanuel-Klein-Maitre-Hotel-Choux-de-Bruxelles-Gateau-anniversaire-1.jpg\" class=\"attachment-full size-full wp-image-13020\" alt=\"Emmanuel Klein Ma\u00eetre H\u00f4tel Choux de Bruxelles G\u00e2teau anniversaire\" srcset=\"https:\/\/chouxdebruxelles.be\/wp-content\/uploads\/2025\/09\/Emmanuel-Klein-Maitre-Hotel-Choux-de-Bruxelles-Gateau-anniversaire-1.jpg 1333w, https:\/\/chouxdebruxelles.be\/wp-content\/uploads\/2025\/09\/Emmanuel-Klein-Maitre-Hotel-Choux-de-Bruxelles-Gateau-anniversaire-1-300x180.jpg 300w, https:\/\/chouxdebruxelles.be\/wp-content\/uploads\/2025\/09\/Emmanuel-Klein-Maitre-Hotel-Choux-de-Bruxelles-Gateau-anniversaire-1-1024x615.jpg 1024w, https:\/\/chouxdebruxelles.be\/wp-content\/uploads\/2025\/09\/Emmanuel-Klein-Maitre-Hotel-Choux-de-Bruxelles-Gateau-anniversaire-1-768x461.jpg 768w\" sizes=\"(max-width: 1333px) 100vw, 1333px\" \/><\/div><\/a>\n\t\t\t\t<div class=\"elementor-post__text\">\n\t\t\t\t<h3 class=\"elementor-post__title\">\n\t\t\t<a href=\"https:\/\/chouxdebruxelles.be\/fr\/blog\/lelegance-invisible-du-maitre-dhotel\/\">\n\t\t\t\tL\u2019\u00e9l\u00e9gance invisible du ma\u00eetre d\u2019h\u00f4tel\t\t\t<\/a>\n\t\t<\/h3>\n\t\t\t\t<div class=\"elementor-post__excerpt\">\n\t\t\t<p>Un \u00e9v\u00e9nement r\u00e9ussi a toujours l\u2019air simple. Les assiettes apparaissent comme par magie, le champagne coule au bon moment, les<\/p>\n\t\t<\/div>\n\t\t\n\t\t<a class=\"elementor-post__read-more\" href=\"https:\/\/chouxdebruxelles.be\/fr\/blog\/lelegance-invisible-du-maitre-dhotel\/\" aria-label=\"En savoir plus sur L\u2019\u00e9l\u00e9gance invisible du ma\u00eetre d\u2019h\u00f4tel\" tabindex=\"-1\">\n\t\t\tLire plus &gt;\t\t<\/a>\n\n\t\t\t\t<\/div>\n\t\t\t\t<div class=\"elementor-post__meta-data\">\n\t\t\t\t\t<span class=\"elementor-post-date\">\n\t\t\t2 septembre 2025\t\t<\/span>\n\t\t\t\t<\/div>\n\t\t\t\t\t<\/div>\n\t\t<\/article>\n\t\t\t\t<article class=\"elementor-post elementor-grid-item post-10418 post type-post status-publish format-standard has-post-thumbnail hentry category-blog\">\n\t\t\t<div class=\"elementor-post__card\">\n\t\t\t\t<a class=\"elementor-post__thumbnail__link\" href=\"https:\/\/chouxdebruxelles.be\/fr\/blog\/femmes-et-gastronomie-ces-cheffes-qui-ont-marque-2024-2025\/\" tabindex=\"-1\"><div class=\"elementor-post__thumbnail\"><img loading=\"lazy\" decoding=\"async\" width=\"1900\" height=\"1200\" src=\"https:\/\/chouxdebruxelles.be\/wp-content\/uploads\/2025\/03\/Choux-de-Bruxelles-Catering-Women-Team-1.png\" class=\"attachment-full size-full wp-image-10477\" alt=\"Choux de Bruxelles Catering Women Team\" srcset=\"https:\/\/chouxdebruxelles.be\/wp-content\/uploads\/2025\/03\/Choux-de-Bruxelles-Catering-Women-Team-1.png 1900w, https:\/\/chouxdebruxelles.be\/wp-content\/uploads\/2025\/03\/Choux-de-Bruxelles-Catering-Women-Team-1-300x189.png 300w, https:\/\/chouxdebruxelles.be\/wp-content\/uploads\/2025\/03\/Choux-de-Bruxelles-Catering-Women-Team-1-1024x647.png 1024w, https:\/\/chouxdebruxelles.be\/wp-content\/uploads\/2025\/03\/Choux-de-Bruxelles-Catering-Women-Team-1-768x485.png 768w, https:\/\/chouxdebruxelles.be\/wp-content\/uploads\/2025\/03\/Choux-de-Bruxelles-Catering-Women-Team-1-1536x970.png 1536w\" sizes=\"(max-width: 1900px) 100vw, 1900px\" \/><\/div><\/a>\n\t\t\t\t<div class=\"elementor-post__text\">\n\t\t\t\t<h3 class=\"elementor-post__title\">\n\t\t\t<a href=\"https:\/\/chouxdebruxelles.be\/fr\/blog\/femmes-et-gastronomie-ces-cheffes-qui-ont-marque-2024-2025\/\">\n\t\t\t\tFemmes et gastronomie : ces cheffes qui ont marqu\u00e9 2024-2025\t\t\t<\/a>\n\t\t<\/h3>\n\t\t\t\t<div class=\"elementor-post__excerpt\">\n\t\t\t<p>\u00c0 l&rsquo;occasion de la Journ\u00e9e internationale de lutte pour les droits des femmes et des minorit\u00e9s de genre ce samedi<\/p>\n\t\t<\/div>\n\t\t\n\t\t<a class=\"elementor-post__read-more\" href=\"https:\/\/chouxdebruxelles.be\/fr\/blog\/femmes-et-gastronomie-ces-cheffes-qui-ont-marque-2024-2025\/\" aria-label=\"En savoir plus sur Femmes et gastronomie : ces cheffes qui ont marqu\u00e9 2024-2025\" tabindex=\"-1\">\n\t\t\tLire plus &gt;\t\t<\/a>\n\n\t\t\t\t<\/div>\n\t\t\t\t<div class=\"elementor-post__meta-data\">\n\t\t\t\t\t<span class=\"elementor-post-date\">\n\t\t\t6 mars 2025\t\t<\/span>\n\t\t\t\t<\/div>\n\t\t\t\t\t<\/div>\n\t\t<\/article>\n\t\t\t\t<article class=\"elementor-post elementor-grid-item post-3287 post type-post status-publish format-standard has-post-thumbnail hentry category-blog\">\n\t\t\t<div class=\"elementor-post__card\">\n\t\t\t\t<a class=\"elementor-post__thumbnail__link\" href=\"https:\/\/chouxdebruxelles.be\/fr\/blog\/exposition-peter-lindbergh-x-chou\/\" tabindex=\"-1\"><div class=\"elementor-post__thumbnail\"><img loading=\"lazy\" decoding=\"async\" width=\"1024\" height=\"678\" src=\"https:\/\/chouxdebruxelles.be\/wp-content\/uploads\/2022\/11\/Exposition-Peter-Lindbergh-Photo.jpg\" class=\"attachment-full size-full wp-image-3333\" alt=\"Exposition Peter Lindbergh woman face\" srcset=\"https:\/\/chouxdebruxelles.be\/wp-content\/uploads\/2022\/11\/Exposition-Peter-Lindbergh-Photo.jpg 1024w, https:\/\/chouxdebruxelles.be\/wp-content\/uploads\/2022\/11\/Exposition-Peter-Lindbergh-Photo-300x199.jpg 300w, https:\/\/chouxdebruxelles.be\/wp-content\/uploads\/2022\/11\/Exposition-Peter-Lindbergh-Photo-768x509.jpg 768w\" sizes=\"(max-width: 1024px) 100vw, 1024px\" \/><\/div><\/a>\n\t\t\t\t<div class=\"elementor-post__text\">\n\t\t\t\t<h3 class=\"elementor-post__title\">\n\t\t\t<a href=\"https:\/\/chouxdebruxelles.be\/fr\/blog\/exposition-peter-lindbergh-x-chou\/\">\n\t\t\t\tExposition Peter Lindbergh X Choux de Bruxelles\t\t\t<\/a>\n\t\t<\/h3>\n\t\t\t\t<div class=\"elementor-post__excerpt\">\n\t\t\t<p>Du 15 d\u00e9cembre 2022 au 14 mai 2023, l\u2019espace Vanderborght accueillera l\u2019exposition Untold Stories rendant hommage au grand photographe Peter Lindbergh.<\/p>\n\t\t<\/div>\n\t\t\n\t\t<a class=\"elementor-post__read-more\" href=\"https:\/\/chouxdebruxelles.be\/fr\/blog\/exposition-peter-lindbergh-x-chou\/\" aria-label=\"En savoir plus sur Exposition Peter Lindbergh X Choux de Bruxelles\" tabindex=\"-1\">\n\t\t\tLire plus &gt;\t\t<\/a>\n\n\t\t\t\t<\/div>\n\t\t\t\t<div class=\"elementor-post__meta-data\">\n\t\t\t\t\t<span class=\"elementor-post-date\">\n\t\t\t8 novembre 2022\t\t<\/span>\n\t\t\t\t<\/div>\n\t\t\t\t\t<\/div>\n\t\t<\/article>\n\t\t\t\t<article class=\"elementor-post elementor-grid-item post-3240 post type-post status-publish format-standard has-post-thumbnail hentry category-blog\">\n\t\t\t<div class=\"elementor-post__card\">\n\t\t\t\t<a class=\"elementor-post__thumbnail__link\" href=\"https:\/\/chouxdebruxelles.be\/fr\/blog\/rencontrez-le-chef-damien-audusseau\/\" tabindex=\"-1\"><div class=\"elementor-post__thumbnail\"><img loading=\"lazy\" decoding=\"async\" width=\"1900\" height=\"1080\" src=\"https:\/\/chouxdebruxelles.be\/wp-content\/uploads\/2022\/11\/Damien.jpg\" class=\"attachment-full size-full wp-image-3244\" alt=\"Damien Audusseau\" srcset=\"https:\/\/chouxdebruxelles.be\/wp-content\/uploads\/2022\/11\/Damien.jpg 1900w, https:\/\/chouxdebruxelles.be\/wp-content\/uploads\/2022\/11\/Damien-300x171.jpg 300w, https:\/\/chouxdebruxelles.be\/wp-content\/uploads\/2022\/11\/Damien-1024x582.jpg 1024w, https:\/\/chouxdebruxelles.be\/wp-content\/uploads\/2022\/11\/Damien-768x437.jpg 768w, https:\/\/chouxdebruxelles.be\/wp-content\/uploads\/2022\/11\/Damien-1536x873.jpg 1536w\" sizes=\"(max-width: 1900px) 100vw, 1900px\" \/><\/div><\/a>\n\t\t\t\t<div class=\"elementor-post__text\">\n\t\t\t\t<h3 class=\"elementor-post__title\">\n\t\t\t<a href=\"https:\/\/chouxdebruxelles.be\/fr\/blog\/rencontrez-le-chef-damien-audusseau\/\">\n\t\t\t\tRencontrez le Chef Damien Audusseau, au c\u0153ur des cuisines de Choux de Bruxelles\t\t\t<\/a>\n\t\t<\/h3>\n\t\t\t\t<div class=\"elementor-post__excerpt\">\n\t\t\t<p>Apr\u00e8s avoir travaill\u00e9 aupr\u00e8s du Chef Yves Mattagne pendant 17 ans, Damien Audusseau met son savoir-faire au service de vos<\/p>\n\t\t<\/div>\n\t\t\n\t\t<a class=\"elementor-post__read-more\" href=\"https:\/\/chouxdebruxelles.be\/fr\/blog\/rencontrez-le-chef-damien-audusseau\/\" aria-label=\"En savoir plus sur Rencontrez le Chef Damien Audusseau, au c\u0153ur des cuisines de Choux de Bruxelles\" tabindex=\"-1\">\n\t\t\tLire plus &gt;\t\t<\/a>\n\n\t\t\t\t<\/div>\n\t\t\t\t<div class=\"elementor-post__meta-data\">\n\t\t\t\t\t<span class=\"elementor-post-date\">\n\t\t\t3 novembre 2022\t\t<\/span>\n\t\t\t\t<\/div>\n\t\t\t\t\t<\/div>\n\t\t<\/article>\n\t\t\t\t<article class=\"elementor-post elementor-grid-item post-552 post type-post status-publish format-standard has-post-thumbnail hentry category-blog\">\n\t\t\t<div class=\"elementor-post__card\">\n\t\t\t\t<a class=\"elementor-post__thumbnail__link\" href=\"https:\/\/chouxdebruxelles.be\/fr\/blog\/une-fete-de-fin-dannee-qui-dechire-quelles-sont-les-bases-pour-organiser-levenement-le-plus-memorable\/\" tabindex=\"-1\"><div class=\"elementor-post__thumbnail\"><img loading=\"lazy\" decoding=\"async\" width=\"1024\" height=\"556\" src=\"https:\/\/chouxdebruxelles.be\/wp-content\/uploads\/2022\/08\/fete-de-noel-1.jpg\" class=\"attachment-full size-full wp-image-1472\" alt=\"Ch\u00e2teau Saint-Anne Party\" srcset=\"https:\/\/chouxdebruxelles.be\/wp-content\/uploads\/2022\/08\/fete-de-noel-1.jpg 1024w, https:\/\/chouxdebruxelles.be\/wp-content\/uploads\/2022\/08\/fete-de-noel-1-300x163.jpg 300w, https:\/\/chouxdebruxelles.be\/wp-content\/uploads\/2022\/08\/fete-de-noel-1-768x417.jpg 768w\" sizes=\"(max-width: 1024px) 100vw, 1024px\" \/><\/div><\/a>\n\t\t\t\t<div class=\"elementor-post__text\">\n\t\t\t\t<h3 class=\"elementor-post__title\">\n\t\t\t<a href=\"https:\/\/chouxdebruxelles.be\/fr\/blog\/une-fete-de-fin-dannee-qui-dechire-quelles-sont-les-bases-pour-organiser-levenement-le-plus-memorable\/\">\n\t\t\t\tUne f\u00eate de fin d\u2019ann\u00e9e qui d\u00e9chire : quelles sont les bases pour organiser l\u2019\u00e9v\u00e9nement le plus m\u00e9morable ?\t\t\t<\/a>\n\t\t<\/h3>\n\t\t\t\t<div class=\"elementor-post__excerpt\">\n\t\t\t<p>Apr\u00e8s 18 mois d\u2019\u00e9v\u00e9nements virtuels, nous sommes tous heureux de pouvoir nous retrouver et de&nbsp;f\u00eater No\u00ebl&nbsp;et la&nbsp;nouvelle ann\u00e9e&nbsp;2022&nbsp;! C\u2019est le<\/p>\n\t\t<\/div>\n\t\t\n\t\t<a class=\"elementor-post__read-more\" href=\"https:\/\/chouxdebruxelles.be\/fr\/blog\/une-fete-de-fin-dannee-qui-dechire-quelles-sont-les-bases-pour-organiser-levenement-le-plus-memorable\/\" aria-label=\"En savoir plus sur Une f\u00eate de fin d\u2019ann\u00e9e qui d\u00e9chire : quelles sont les bases pour organiser l\u2019\u00e9v\u00e9nement le plus m\u00e9morable ?\" tabindex=\"-1\">\n\t\t\tLire plus &gt;\t\t<\/a>\n\n\t\t\t\t<\/div>\n\t\t\t\t<div class=\"elementor-post__meta-data\">\n\t\t\t\t\t<span class=\"elementor-post-date\">\n\t\t\t5 novembre 2021\t\t<\/span>\n\t\t\t\t<\/div>\n\t\t\t\t\t<\/div>\n\t\t<\/article>\n\t\t\t\t<article class=\"elementor-post elementor-grid-item post-1552 post type-post status-publish format-standard has-post-thumbnail hentry category-blog\">\n\t\t\t<div class=\"elementor-post__card\">\n\t\t\t\t<a class=\"elementor-post__thumbnail__link\" href=\"https:\/\/chouxdebruxelles.be\/fr\/blog\/cet-ete-sera-chou-3-facons-de-se-regaler-avec-vos-convives\/\" tabindex=\"-1\"><div class=\"elementor-post__thumbnail\"><img loading=\"lazy\" decoding=\"async\" width=\"1024\" height=\"556\" src=\"https:\/\/chouxdebruxelles.be\/wp-content\/uploads\/2022\/08\/3-traiteurs5-1024x556-1.png\" class=\"attachment-full size-full wp-image-1566\" alt=\"Choux de Bruxelles KTCHN Gio Strada Streat Catering Services\" srcset=\"https:\/\/chouxdebruxelles.be\/wp-content\/uploads\/2022\/08\/3-traiteurs5-1024x556-1.png 1024w, https:\/\/chouxdebruxelles.be\/wp-content\/uploads\/2022\/08\/3-traiteurs5-1024x556-1-300x163.png 300w, https:\/\/chouxdebruxelles.be\/wp-content\/uploads\/2022\/08\/3-traiteurs5-1024x556-1-768x417.png 768w\" sizes=\"(max-width: 1024px) 100vw, 1024px\" \/><\/div><\/a>\n\t\t\t\t<div class=\"elementor-post__text\">\n\t\t\t\t<h3 class=\"elementor-post__title\">\n\t\t\t<a href=\"https:\/\/chouxdebruxelles.be\/fr\/blog\/cet-ete-sera-chou-3-facons-de-se-regaler-avec-vos-convives\/\">\n\t\t\t\tCet \u00e9t\u00e9 sera chou : 3 fa\u00e7ons de se r\u00e9galer avec vos convives\t\t\t<\/a>\n\t\t<\/h3>\n\t\t\t\t<div class=\"elementor-post__excerpt\">\n\t\t\t<p>En 2021, rien n\u2019est plus fort que notre d\u00e9sir de retrouvailles, c\u2019est pourquoi il est important d\u2019\u00eatre bien entour\u00e9 et<\/p>\n\t\t<\/div>\n\t\t\n\t\t<a class=\"elementor-post__read-more\" href=\"https:\/\/chouxdebruxelles.be\/fr\/blog\/cet-ete-sera-chou-3-facons-de-se-regaler-avec-vos-convives\/\" aria-label=\"En savoir plus sur Cet \u00e9t\u00e9 sera chou : 3 fa\u00e7ons de se r\u00e9galer avec vos convives\" tabindex=\"-1\">\n\t\t\tLire plus &gt;\t\t<\/a>\n\n\t\t\t\t<\/div>\n\t\t\t\t<div class=\"elementor-post__meta-data\">\n\t\t\t\t\t<span class=\"elementor-post-date\">\n\t\t\t18 juillet 2021\t\t<\/span>\n\t\t\t\t<\/div>\n\t\t\t\t\t<\/div>\n\t\t<\/article>\n\t\t\t\t<article class=\"elementor-post elementor-grid-item post-1590 post type-post status-publish format-standard has-post-thumbnail hentry category-blog\">\n\t\t\t<div class=\"elementor-post__card\">\n\t\t\t\t<a class=\"elementor-post__thumbnail__link\" href=\"https:\/\/chouxdebruxelles.be\/fr\/blog\/the-drag-dining-experience-les-artistes-de-chez-maman-investissent-la-maison-grandplace\/\" tabindex=\"-1\"><div class=\"elementor-post__thumbnail\"><img loading=\"lazy\" decoding=\"async\" width=\"1024\" height=\"576\" src=\"https:\/\/chouxdebruxelles.be\/wp-content\/uploads\/2022\/08\/Drag-Dining-Experience-Weekendesk-1024x576-1.jpg\" class=\"attachment-full size-full wp-image-1591\" alt=\"Drag-Dining-Experience-Weekend Grand Place\" srcset=\"https:\/\/chouxdebruxelles.be\/wp-content\/uploads\/2022\/08\/Drag-Dining-Experience-Weekendesk-1024x576-1.jpg 1024w, https:\/\/chouxdebruxelles.be\/wp-content\/uploads\/2022\/08\/Drag-Dining-Experience-Weekendesk-1024x576-1-300x169.jpg 300w, https:\/\/chouxdebruxelles.be\/wp-content\/uploads\/2022\/08\/Drag-Dining-Experience-Weekendesk-1024x576-1-768x432.jpg 768w\" sizes=\"(max-width: 1024px) 100vw, 1024px\" \/><\/div><\/a>\n\t\t\t\t<div class=\"elementor-post__text\">\n\t\t\t\t<h3 class=\"elementor-post__title\">\n\t\t\t<a href=\"https:\/\/chouxdebruxelles.be\/fr\/blog\/the-drag-dining-experience-les-artistes-de-chez-maman-investissent-la-maison-grandplace\/\">\n\t\t\t\tThe Drag Dining Experience : les artistes de chez Maman investissent la Maison Grand\u2019Place\t\t\t<\/a>\n\t\t<\/h3>\n\t\t\t\t<div class=\"elementor-post__excerpt\">\n\t\t\t<p>Plumes, paillettes, velours\u2026 C\u2019est avec plaisir que la&nbsp;Maison Grand\u2019Place&nbsp;s\u2019est appr\u00eat\u00e9e pour accueillir des invit\u00e9s toutes particuli\u00e8res. Les filles de&nbsp;Chez Maman,<\/p>\n\t\t<\/div>\n\t\t\n\t\t<a class=\"elementor-post__read-more\" href=\"https:\/\/chouxdebruxelles.be\/fr\/blog\/the-drag-dining-experience-les-artistes-de-chez-maman-investissent-la-maison-grandplace\/\" aria-label=\"En savoir plus sur The Drag Dining Experience : les artistes de chez Maman investissent la Maison Grand\u2019Place\" tabindex=\"-1\">\n\t\t\tLire plus &gt;\t\t<\/a>\n\n\t\t\t\t<\/div>\n\t\t\t\t<div class=\"elementor-post__meta-data\">\n\t\t\t\t\t<span class=\"elementor-post-date\">\n\t\t\t18 juin 2021\t\t<\/span>\n\t\t\t\t<\/div>\n\t\t\t\t\t<\/div>\n\t\t<\/article>\n\t\t\t\t<article class=\"elementor-post elementor-grid-item post-1601 post type-post status-publish format-standard has-post-thumbnail hentry category-blog\">\n\t\t\t<div class=\"elementor-post__card\">\n\t\t\t\t<a class=\"elementor-post__thumbnail__link\" href=\"https:\/\/chouxdebruxelles.be\/fr\/blog\/organiser-son-mariage-on-commence-par-quoi\/\" tabindex=\"-1\"><div class=\"elementor-post__thumbnail\"><img loading=\"lazy\" decoding=\"async\" width=\"700\" height=\"600\" src=\"https:\/\/chouxdebruxelles.be\/wp-content\/uploads\/2022\/08\/photo-2.png\" class=\"attachment-full size-full wp-image-1602\" alt=\"Wedding Evening Couple\" srcset=\"https:\/\/chouxdebruxelles.be\/wp-content\/uploads\/2022\/08\/photo-2.png 700w, https:\/\/chouxdebruxelles.be\/wp-content\/uploads\/2022\/08\/photo-2-300x257.png 300w\" sizes=\"(max-width: 700px) 100vw, 700px\" \/><\/div><\/a>\n\t\t\t\t<div class=\"elementor-post__text\">\n\t\t\t\t<h3 class=\"elementor-post__title\">\n\t\t\t<a href=\"https:\/\/chouxdebruxelles.be\/fr\/blog\/organiser-son-mariage-on-commence-par-quoi\/\">\n\t\t\t\tOrganiser son mariage : on commence par quoi ?\t\t\t<\/a>\n\t\t<\/h3>\n\t\t\t\t<div class=\"elementor-post__excerpt\">\n\t\t\t<p>\u00c7a y est, il vous a fait sa demande ou vous lui avez faite et vous vous lancez dans les<\/p>\n\t\t<\/div>\n\t\t\n\t\t<a class=\"elementor-post__read-more\" href=\"https:\/\/chouxdebruxelles.be\/fr\/blog\/organiser-son-mariage-on-commence-par-quoi\/\" aria-label=\"En savoir plus sur Organiser son mariage : on commence par quoi ?\" tabindex=\"-1\">\n\t\t\tLire plus &gt;\t\t<\/a>\n\n\t\t\t\t<\/div>\n\t\t\t\t<div class=\"elementor-post__meta-data\">\n\t\t\t\t\t<span class=\"elementor-post-date\">\n\t\t\t20 mars 2020\t\t<\/span>\n\t\t\t\t<\/div>\n\t\t\t\t\t<\/div>\n\t\t<\/article>\n\t\t\t\t<article class=\"elementor-post elementor-grid-item post-1617 post type-post status-publish format-standard has-post-thumbnail hentry category-blog\">\n\t\t\t<div class=\"elementor-post__card\">\n\t\t\t\t<a class=\"elementor-post__thumbnail__link\" href=\"https:\/\/chouxdebruxelles.be\/fr\/blog\/se-marier-avec-choux-ca-change-tout\/\" tabindex=\"-1\"><div class=\"elementor-post__thumbnail\"><img loading=\"lazy\" decoding=\"async\" width=\"505\" height=\"353\" src=\"https:\/\/chouxdebruxelles.be\/wp-content\/uploads\/2022\/08\/enfant-mariage-enfance-bouquet-fleur-505x353-1.jpg\" class=\"attachment-full size-full wp-image-1618\" alt=\"Kid Wedding Flowers\" srcset=\"https:\/\/chouxdebruxelles.be\/wp-content\/uploads\/2022\/08\/enfant-mariage-enfance-bouquet-fleur-505x353-1.jpg 505w, https:\/\/chouxdebruxelles.be\/wp-content\/uploads\/2022\/08\/enfant-mariage-enfance-bouquet-fleur-505x353-1-300x210.jpg 300w\" sizes=\"(max-width: 505px) 100vw, 505px\" \/><\/div><\/a>\n\t\t\t\t<div class=\"elementor-post__text\">\n\t\t\t\t<h3 class=\"elementor-post__title\">\n\t\t\t<a href=\"https:\/\/chouxdebruxelles.be\/fr\/blog\/se-marier-avec-choux-ca-change-tout\/\">\n\t\t\t\tSe marier avec Choux, \u00e7a change tout !\t\t\t<\/a>\n\t\t<\/h3>\n\t\t\t\t<div class=\"elementor-post__excerpt\">\n\t\t\t<p>Votre demande en mariage n\u2019est plus un r\u00eave d\u2019enfance et il arrive \u00e0 grands pas. Vous n\u2019imaginiez pas que les<\/p>\n\t\t<\/div>\n\t\t\n\t\t<a class=\"elementor-post__read-more\" href=\"https:\/\/chouxdebruxelles.be\/fr\/blog\/se-marier-avec-choux-ca-change-tout\/\" aria-label=\"En savoir plus sur Se marier avec Choux, \u00e7a change tout !\" tabindex=\"-1\">\n\t\t\tLire plus &gt;\t\t<\/a>\n\n\t\t\t\t<\/div>\n\t\t\t\t<div class=\"elementor-post__meta-data\">\n\t\t\t\t\t<span class=\"elementor-post-date\">\n\t\t\t6 f\u00e9vrier 2020\t\t<\/span>\n\t\t\t\t<\/div>\n\t\t\t\t\t<\/div>\n\t\t<\/article>\n\t\t\t\t<article class=\"elementor-post elementor-grid-item post-1629 post type-post status-publish format-standard has-post-thumbnail hentry category-blog\">\n\t\t\t<div class=\"elementor-post__card\">\n\t\t\t\t<a class=\"elementor-post__thumbnail__link\" href=\"https:\/\/chouxdebruxelles.be\/fr\/blog\/votre-evenement-au-milieu-des-oeuvres-dart\/\" tabindex=\"-1\"><div class=\"elementor-post__thumbnail\"><img loading=\"lazy\" decoding=\"async\" width=\"650\" height=\"400\" src=\"https:\/\/chouxdebruxelles.be\/wp-content\/uploads\/2022\/08\/WAA.jpg\" class=\"attachment-full size-full wp-image-1631\" alt=\"Special Art Event\" srcset=\"https:\/\/chouxdebruxelles.be\/wp-content\/uploads\/2022\/08\/WAA.jpg 650w, https:\/\/chouxdebruxelles.be\/wp-content\/uploads\/2022\/08\/WAA-300x185.jpg 300w\" sizes=\"(max-width: 650px) 100vw, 650px\" \/><\/div><\/a>\n\t\t\t\t<div class=\"elementor-post__text\">\n\t\t\t\t<h3 class=\"elementor-post__title\">\n\t\t\t<a href=\"https:\/\/chouxdebruxelles.be\/fr\/blog\/votre-evenement-au-milieu-des-oeuvres-dart\/\">\n\t\t\t\tVotre \u00e9v\u00e9nement au milieu des \u0153uvres d\u2019art ?\t\t\t<\/a>\n\t\t<\/h3>\n\t\t\t\t<div class=\"elementor-post__excerpt\">\n\t\t\t<p>Vous r\u00eavez d\u2019organiser une soir\u00e9e exclusive et ultra originale parmi des \u0153uvres d\u2019art, dans un endroit unique et \u00e9ph\u00e9m\u00e8re ?<\/p>\n\t\t<\/div>\n\t\t\n\t\t<a class=\"elementor-post__read-more\" href=\"https:\/\/chouxdebruxelles.be\/fr\/blog\/votre-evenement-au-milieu-des-oeuvres-dart\/\" aria-label=\"En savoir plus sur Votre \u00e9v\u00e9nement au milieu des \u0153uvres d\u2019art ?\" tabindex=\"-1\">\n\t\t\tLire plus &gt;\t\t<\/a>\n\n\t\t\t\t<\/div>\n\t\t\t\t<div class=\"elementor-post__meta-data\">\n\t\t\t\t\t<span class=\"elementor-post-date\">\n\t\t\t24 d\u00e9cembre 2018\t\t<\/span>\n\t\t\t\t<\/div>\n\t\t\t\t\t<\/div>\n\t\t<\/article>\n\t\t\t\t<article class=\"elementor-post elementor-grid-item post-1635 post type-post status-publish format-standard has-post-thumbnail hentry category-blog\">\n\t\t\t<div class=\"elementor-post__card\">\n\t\t\t\t<a class=\"elementor-post__thumbnail__link\" href=\"https:\/\/chouxdebruxelles.be\/fr\/blog\/autoworld-a-choisi-choux-de-bruxelles\/\" tabindex=\"-1\"><div class=\"elementor-post__thumbnail\"><img loading=\"lazy\" decoding=\"async\" width=\"700\" height=\"600\" src=\"https:\/\/chouxdebruxelles.be\/wp-content\/uploads\/2022\/08\/autoworld-mezzanine.jpg\" class=\"attachment-full size-full wp-image-1636\" alt=\"Autoworld Grand Dinner\" srcset=\"https:\/\/chouxdebruxelles.be\/wp-content\/uploads\/2022\/08\/autoworld-mezzanine.jpg 700w, https:\/\/chouxdebruxelles.be\/wp-content\/uploads\/2022\/08\/autoworld-mezzanine-300x257.jpg 300w\" sizes=\"(max-width: 700px) 100vw, 700px\" \/><\/div><\/a>\n\t\t\t\t<div class=\"elementor-post__text\">\n\t\t\t\t<h3 class=\"elementor-post__title\">\n\t\t\t<a href=\"https:\/\/chouxdebruxelles.be\/fr\/blog\/autoworld-a-choisi-choux-de-bruxelles\/\">\n\t\t\t\tAutoworld\u00a0a choisi Choux de Bruxelles\t\t\t<\/a>\n\t\t<\/h3>\n\t\t\t\t<div class=\"elementor-post__excerpt\">\n\t\t\t<p>Un lieu hors norme qui accueille jusque 1.000 personnes au centre de Bruxelles ? D\u00e9couvrez&nbsp;Autoworld&nbsp;et son atmosph\u00e8re d\u00e9di\u00e9e au monde<\/p>\n\t\t<\/div>\n\t\t\n\t\t<a class=\"elementor-post__read-more\" href=\"https:\/\/chouxdebruxelles.be\/fr\/blog\/autoworld-a-choisi-choux-de-bruxelles\/\" aria-label=\"En savoir plus sur Autoworld\u00a0a choisi Choux de Bruxelles\" tabindex=\"-1\">\n\t\t\tLire plus &gt;\t\t<\/a>\n\n\t\t\t\t<\/div>\n\t\t\t\t<div class=\"elementor-post__meta-data\">\n\t\t\t\t\t<span class=\"elementor-post-date\">\n\t\t\t5 d\u00e9cembre 2018\t\t<\/span>\n\t\t\t\t<\/div>\n\t\t\t\t\t<\/div>\n\t\t<\/article>\n\t\t\t\t<article class=\"elementor-post elementor-grid-item post-1649 post type-post status-publish format-standard has-post-thumbnail hentry category-blog\">\n\t\t\t<div class=\"elementor-post__card\">\n\t\t\t\t<a class=\"elementor-post__thumbnail__link\" href=\"https:\/\/chouxdebruxelles.be\/fr\/blog\/se-marier-en-hiver-la-bonne-idee\/\" tabindex=\"-1\"><div class=\"elementor-post__thumbnail\"><img loading=\"lazy\" decoding=\"async\" width=\"700\" height=\"600\" src=\"https:\/\/chouxdebruxelles.be\/wp-content\/uploads\/2022\/08\/mariage-hiver.jpg\" class=\"attachment-full size-full wp-image-1650\" alt=\"Winter Wedding Party\" srcset=\"https:\/\/chouxdebruxelles.be\/wp-content\/uploads\/2022\/08\/mariage-hiver.jpg 700w, https:\/\/chouxdebruxelles.be\/wp-content\/uploads\/2022\/08\/mariage-hiver-300x257.jpg 300w\" sizes=\"(max-width: 700px) 100vw, 700px\" \/><\/div><\/a>\n\t\t\t\t<div class=\"elementor-post__text\">\n\t\t\t\t<h3 class=\"elementor-post__title\">\n\t\t\t<a href=\"https:\/\/chouxdebruxelles.be\/fr\/blog\/se-marier-en-hiver-la-bonne-idee\/\">\n\t\t\t\tSe marier en hiver, LA bonne id\u00e9e ?\t\t\t<\/a>\n\t\t<\/h3>\n\t\t\t\t<div class=\"elementor-post__excerpt\">\n\t\t\t<p>Les mariages hivernaux, la nouvelle tendance ? L\u2019hiver arrive \u00e0 grand pas et s\u00e9duit de plus en plus les futurs<\/p>\n\t\t<\/div>\n\t\t\n\t\t<a class=\"elementor-post__read-more\" href=\"https:\/\/chouxdebruxelles.be\/fr\/blog\/se-marier-en-hiver-la-bonne-idee\/\" aria-label=\"En savoir plus sur Se marier en hiver, LA bonne id\u00e9e ?\" tabindex=\"-1\">\n\t\t\tLire plus &gt;\t\t<\/a>\n\n\t\t\t\t<\/div>\n\t\t\t\t<div class=\"elementor-post__meta-data\">\n\t\t\t\t\t<span class=\"elementor-post-date\">\n\t\t\t20 novembre 2018\t\t<\/span>\n\t\t\t\t<\/div>\n\t\t\t\t\t<\/div>\n\t\t<\/article>\n\t\t\t\t<article class=\"elementor-post elementor-grid-item post-1670 post type-post status-publish format-standard has-post-thumbnail hentry category-blog\">\n\t\t\t<div class=\"elementor-post__card\">\n\t\t\t\t<a class=\"elementor-post__thumbnail__link\" href=\"https:\/\/chouxdebruxelles.be\/fr\/blog\/une-fete-dentreprise-insolite\/\" tabindex=\"-1\"><div class=\"elementor-post__thumbnail\"><img loading=\"lazy\" decoding=\"async\" width=\"700\" height=\"600\" src=\"https:\/\/chouxdebruxelles.be\/wp-content\/uploads\/2022\/08\/fete-entreprise-far-west.jpg\" class=\"attachment-full size-full wp-image-1671\" alt=\"fete-entreprise-far-west\" srcset=\"https:\/\/chouxdebruxelles.be\/wp-content\/uploads\/2022\/08\/fete-entreprise-far-west.jpg 700w, https:\/\/chouxdebruxelles.be\/wp-content\/uploads\/2022\/08\/fete-entreprise-far-west-300x257.jpg 300w\" sizes=\"(max-width: 700px) 100vw, 700px\" \/><\/div><\/a>\n\t\t\t\t<div class=\"elementor-post__text\">\n\t\t\t\t<h3 class=\"elementor-post__title\">\n\t\t\t<a href=\"https:\/\/chouxdebruxelles.be\/fr\/blog\/une-fete-dentreprise-insolite\/\">\n\t\t\t\tUne f\u00eate d\u2019entreprise insolite ?\t\t\t<\/a>\n\t\t<\/h3>\n\t\t\t\t<div class=\"elementor-post__excerpt\">\n\t\t\t<p>Envie d\u2019une f\u00eate d\u2019entreprise insolite ? On a ce qu\u2019il vous faut Fin d\u2019ann\u00e9e rime souvent avec f\u00eate \u00e0 organiser<\/p>\n\t\t<\/div>\n\t\t\n\t\t<a class=\"elementor-post__read-more\" href=\"https:\/\/chouxdebruxelles.be\/fr\/blog\/une-fete-dentreprise-insolite\/\" aria-label=\"En savoir plus sur Une f\u00eate d\u2019entreprise insolite ?\" tabindex=\"-1\">\n\t\t\tLire plus &gt;\t\t<\/a>\n\n\t\t\t\t<\/div>\n\t\t\t\t<div class=\"elementor-post__meta-data\">\n\t\t\t\t\t<span class=\"elementor-post-date\">\n\t\t\t31 octobre 2018\t\t<\/span>\n\t\t\t\t<\/div>\n\t\t\t\t\t<\/div>\n\t\t<\/article>\n\t\t\t\t<article class=\"elementor-post elementor-grid-item post-1682 post type-post status-publish format-standard has-post-thumbnail hentry category-blog\">\n\t\t\t<div class=\"elementor-post__card\">\n\t\t\t\t<a class=\"elementor-post__thumbnail__link\" href=\"https:\/\/chouxdebruxelles.be\/fr\/blog\/theatre-du-vaudeville-temple-de-la-musique-le-temps-dune-soiree\/\" tabindex=\"-1\"><div class=\"elementor-post__thumbnail\"><img loading=\"lazy\" decoding=\"async\" width=\"700\" height=\"600\" src=\"https:\/\/chouxdebruxelles.be\/wp-content\/uploads\/2022\/08\/theatre-vaudeville-spotify-soiree.jpg\" class=\"attachment-full size-full wp-image-1683\" alt=\"theatre-vaudeville-spotify-event-choux de bruxelles\" srcset=\"https:\/\/chouxdebruxelles.be\/wp-content\/uploads\/2022\/08\/theatre-vaudeville-spotify-soiree.jpg 700w, https:\/\/chouxdebruxelles.be\/wp-content\/uploads\/2022\/08\/theatre-vaudeville-spotify-soiree-300x257.jpg 300w\" sizes=\"(max-width: 700px) 100vw, 700px\" \/><\/div><\/a>\n\t\t\t\t<div class=\"elementor-post__text\">\n\t\t\t\t<h3 class=\"elementor-post__title\">\n\t\t\t<a href=\"https:\/\/chouxdebruxelles.be\/fr\/blog\/theatre-du-vaudeville-temple-de-la-musique-le-temps-dune-soiree\/\">\n\t\t\t\tTh\u00e9\u00e2tre du Vaudeville, temple de la musique le temps d\u2019une soir\u00e9e\t\t\t<\/a>\n\t\t<\/h3>\n\t\t\t\t<div class=\"elementor-post__excerpt\">\n\t\t\t<p>Le Th\u00e9\u00e2tre du Vaudeville a accueilli la branche belge du g\u00e9ant su\u00e9dois du streaming musical, spotify D\u00e8s l\u2019entr\u00e9e, le ton<\/p>\n\t\t<\/div>\n\t\t\n\t\t<a class=\"elementor-post__read-more\" href=\"https:\/\/chouxdebruxelles.be\/fr\/blog\/theatre-du-vaudeville-temple-de-la-musique-le-temps-dune-soiree\/\" aria-label=\"En savoir plus sur Th\u00e9\u00e2tre du Vaudeville, temple de la musique le temps d\u2019une soir\u00e9e\" tabindex=\"-1\">\n\t\t\tLire plus &gt;\t\t<\/a>\n\n\t\t\t\t<\/div>\n\t\t\t\t<div class=\"elementor-post__meta-data\">\n\t\t\t\t\t<span class=\"elementor-post-date\">\n\t\t\t23 octobre 2018\t\t<\/span>\n\t\t\t\t<\/div>\n\t\t\t\t\t<\/div>\n\t\t<\/article>\n\t\t\t\t<article class=\"elementor-post elementor-grid-item post-1696 post type-post status-publish format-standard has-post-thumbnail hentry category-blog\">\n\t\t\t<div class=\"elementor-post__card\">\n\t\t\t\t<a class=\"elementor-post__thumbnail__link\" href=\"https:\/\/chouxdebruxelles.be\/fr\/blog\/10-bonnes-raisons-dorganiser-un-evenement-dentreprise\/\" tabindex=\"-1\"><div class=\"elementor-post__thumbnail\"><img loading=\"lazy\" decoding=\"async\" width=\"700\" height=\"600\" src=\"https:\/\/chouxdebruxelles.be\/wp-content\/uploads\/2022\/08\/fetes-entreprises-fin-annee.jpg\" class=\"attachment-full size-full wp-image-1700\" alt=\"La Chaufferie fetes-entreprises-fin-annee\" srcset=\"https:\/\/chouxdebruxelles.be\/wp-content\/uploads\/2022\/08\/fetes-entreprises-fin-annee.jpg 700w, https:\/\/chouxdebruxelles.be\/wp-content\/uploads\/2022\/08\/fetes-entreprises-fin-annee-300x257.jpg 300w\" sizes=\"(max-width: 700px) 100vw, 700px\" \/><\/div><\/a>\n\t\t\t\t<div class=\"elementor-post__text\">\n\t\t\t\t<h3 class=\"elementor-post__title\">\n\t\t\t<a href=\"https:\/\/chouxdebruxelles.be\/fr\/blog\/10-bonnes-raisons-dorganiser-un-evenement-dentreprise\/\">\n\t\t\t\t10 bonnes raisons d\u2019organiser un \u00e9v\u00e9nement d\u2019entreprise\t\t\t<\/a>\n\t\t<\/h3>\n\t\t\t\t<div class=\"elementor-post__excerpt\">\n\t\t\t<p>Les f\u00eates de fin d\u2019ann\u00e9e arrivent et apportent avec elles leur lot de c\u00e9l\u00e9brations annuelles pour les entreprises. Mais d\u2019autres<\/p>\n\t\t<\/div>\n\t\t\n\t\t<a class=\"elementor-post__read-more\" href=\"https:\/\/chouxdebruxelles.be\/fr\/blog\/10-bonnes-raisons-dorganiser-un-evenement-dentreprise\/\" aria-label=\"En savoir plus sur 10 bonnes raisons d\u2019organiser un \u00e9v\u00e9nement d\u2019entreprise\" tabindex=\"-1\">\n\t\t\tLire plus &gt;\t\t<\/a>\n\n\t\t\t\t<\/div>\n\t\t\t\t<div class=\"elementor-post__meta-data\">\n\t\t\t\t\t<span class=\"elementor-post-date\">\n\t\t\t10 octobre 2018\t\t<\/span>\n\t\t\t\t<\/div>\n\t\t\t\t\t<\/div>\n\t\t<\/article>\n\t\t\t\t<article class=\"elementor-post elementor-grid-item post-1713 post type-post status-publish format-standard has-post-thumbnail hentry category-blog\">\n\t\t\t<div class=\"elementor-post__card\">\n\t\t\t\t<a class=\"elementor-post__thumbnail__link\" href=\"https:\/\/chouxdebruxelles.be\/fr\/blog\/un-foodtruck-pour-votre-mariage-nos-5-conseils\/\" tabindex=\"-1\"><div class=\"elementor-post__thumbnail\"><img loading=\"lazy\" decoding=\"async\" width=\"700\" height=\"600\" src=\"https:\/\/chouxdebruxelles.be\/wp-content\/uploads\/2022\/08\/foodtruck-giosstrada-accueil.jpg\" class=\"attachment-full size-full wp-image-1714\" alt=\"foodtruck-giosstrada-accueil\" srcset=\"https:\/\/chouxdebruxelles.be\/wp-content\/uploads\/2022\/08\/foodtruck-giosstrada-accueil.jpg 700w, https:\/\/chouxdebruxelles.be\/wp-content\/uploads\/2022\/08\/foodtruck-giosstrada-accueil-300x257.jpg 300w\" sizes=\"(max-width: 700px) 100vw, 700px\" \/><\/div><\/a>\n\t\t\t\t<div class=\"elementor-post__text\">\n\t\t\t\t<h3 class=\"elementor-post__title\">\n\t\t\t<a href=\"https:\/\/chouxdebruxelles.be\/fr\/blog\/un-foodtruck-pour-votre-mariage-nos-5-conseils\/\">\n\t\t\t\tUn foodtruck pour votre mariage ? Nos 5 conseils!\t\t\t<\/a>\n\t\t<\/h3>\n\t\t\t\t<div class=\"elementor-post__excerpt\">\n\t\t\t<p>Les mariages foodtrucks sont partout. Alli\u00e9 ultime&nbsp;donnant une ambiance d\u00e9contract\u00e9e et urbaine \u00e0 votre mariage, vos c\u0153urs vont chavirer pour<\/p>\n\t\t<\/div>\n\t\t\n\t\t<a class=\"elementor-post__read-more\" href=\"https:\/\/chouxdebruxelles.be\/fr\/blog\/un-foodtruck-pour-votre-mariage-nos-5-conseils\/\" aria-label=\"En savoir plus sur Un foodtruck pour votre mariage ? Nos 5 conseils!\" tabindex=\"-1\">\n\t\t\tLire plus &gt;\t\t<\/a>\n\n\t\t\t\t<\/div>\n\t\t\t\t<div class=\"elementor-post__meta-data\">\n\t\t\t\t\t<span class=\"elementor-post-date\">\n\t\t\t13 septembre 2018\t\t<\/span>\n\t\t\t\t<\/div>\n\t\t\t\t\t<\/div>\n\t\t<\/article>\n\t\t\t\t<article class=\"elementor-post elementor-grid-item post-1727 post type-post status-publish format-standard has-post-thumbnail hentry category-blog\">\n\t\t\t<div class=\"elementor-post__card\">\n\t\t\t\t<a class=\"elementor-post__thumbnail__link\" href=\"https:\/\/chouxdebruxelles.be\/fr\/blog\/chalet-robinson-un-depaysement-total-garanti\/\" tabindex=\"-1\"><div class=\"elementor-post__thumbnail\"><img loading=\"lazy\" decoding=\"async\" width=\"700\" height=\"600\" src=\"https:\/\/chouxdebruxelles.be\/wp-content\/uploads\/2022\/08\/chalet_robinson_bois_de_la_cambre_bis.jpg\" class=\"attachment-full size-full wp-image-1728\" alt=\"chalet_robinson_bois_de_la_cambre from the woods\" srcset=\"https:\/\/chouxdebruxelles.be\/wp-content\/uploads\/2022\/08\/chalet_robinson_bois_de_la_cambre_bis.jpg 700w, https:\/\/chouxdebruxelles.be\/wp-content\/uploads\/2022\/08\/chalet_robinson_bois_de_la_cambre_bis-300x257.jpg 300w\" sizes=\"(max-width: 700px) 100vw, 700px\" \/><\/div><\/a>\n\t\t\t\t<div class=\"elementor-post__text\">\n\t\t\t\t<h3 class=\"elementor-post__title\">\n\t\t\t<a href=\"https:\/\/chouxdebruxelles.be\/fr\/blog\/chalet-robinson-un-depaysement-total-garanti\/\">\n\t\t\t\tChalet Robinson : un d\u00e9paysement total garanti\t\t\t<\/a>\n\t\t<\/h3>\n\t\t\t\t<div class=\"elementor-post__excerpt\">\n\t\t\t<p>La rentr\u00e9e pointe le bout de son nez et avec elle, la reprise du travail. Ce n\u2019est pas le moment<\/p>\n\t\t<\/div>\n\t\t\n\t\t<a class=\"elementor-post__read-more\" href=\"https:\/\/chouxdebruxelles.be\/fr\/blog\/chalet-robinson-un-depaysement-total-garanti\/\" aria-label=\"En savoir plus sur Chalet Robinson : un d\u00e9paysement total garanti\" tabindex=\"-1\">\n\t\t\tLire plus &gt;\t\t<\/a>\n\n\t\t\t\t<\/div>\n\t\t\t\t<div class=\"elementor-post__meta-data\">\n\t\t\t\t\t<span class=\"elementor-post-date\">\n\t\t\t30 ao\u00fbt 2018\t\t<\/span>\n\t\t\t\t<\/div>\n\t\t\t\t\t<\/div>\n\t\t<\/article>\n\t\t\t\t<article class=\"elementor-post elementor-grid-item post-1738 post type-post status-publish format-standard has-post-thumbnail hentry category-blog\">\n\t\t\t<div class=\"elementor-post__card\">\n\t\t\t\t<a class=\"elementor-post__thumbnail__link\" href=\"https:\/\/chouxdebruxelles.be\/fr\/blog\/les-questions-cles-a-poser-a-votre-traiteur-avant-un-evenement\/\" tabindex=\"-1\"><div class=\"elementor-post__thumbnail\"><img loading=\"lazy\" decoding=\"async\" width=\"700\" height=\"600\" src=\"https:\/\/chouxdebruxelles.be\/wp-content\/uploads\/2022\/08\/photo2.jpg\" class=\"attachment-full size-full wp-image-1745\" alt=\"Choux de Bruxelles Foie Gras\" srcset=\"https:\/\/chouxdebruxelles.be\/wp-content\/uploads\/2022\/08\/photo2.jpg 700w, https:\/\/chouxdebruxelles.be\/wp-content\/uploads\/2022\/08\/photo2-300x257.jpg 300w\" sizes=\"(max-width: 700px) 100vw, 700px\" \/><\/div><\/a>\n\t\t\t\t<div class=\"elementor-post__text\">\n\t\t\t\t<h3 class=\"elementor-post__title\">\n\t\t\t<a href=\"https:\/\/chouxdebruxelles.be\/fr\/blog\/les-questions-cles-a-poser-a-votre-traiteur-avant-un-evenement\/\">\n\t\t\t\tLes questions cl\u00e9s \u00e0 poser \u00e0 votre traiteur avant un \u00e9v\u00e9nement\t\t\t<\/a>\n\t\t<\/h3>\n\t\t\t\t<div class=\"elementor-post__excerpt\">\n\t\t\t<p>D\u00e9nicher un traiteur capable de sublimer votre \u00e9v\u00e9nement et de transformer votre projet en assiettes et petits fours n\u2019est pas<\/p>\n\t\t<\/div>\n\t\t\n\t\t<a class=\"elementor-post__read-more\" href=\"https:\/\/chouxdebruxelles.be\/fr\/blog\/les-questions-cles-a-poser-a-votre-traiteur-avant-un-evenement\/\" aria-label=\"En savoir plus sur Les questions cl\u00e9s \u00e0 poser \u00e0 votre traiteur avant un \u00e9v\u00e9nement\" tabindex=\"-1\">\n\t\t\tLire plus &gt;\t\t<\/a>\n\n\t\t\t\t<\/div>\n\t\t\t\t<div class=\"elementor-post__meta-data\">\n\t\t\t\t\t<span class=\"elementor-post-date\">\n\t\t\t25 juillet 2018\t\t<\/span>\n\t\t\t\t<\/div>\n\t\t\t\t\t<\/div>\n\t\t<\/article>\n\t\t\t\t<article class=\"elementor-post elementor-grid-item post-1750 post type-post status-publish format-standard has-post-thumbnail hentry category-blog\">\n\t\t\t<div class=\"elementor-post__card\">\n\t\t\t\t<a class=\"elementor-post__thumbnail__link\" href=\"https:\/\/chouxdebruxelles.be\/fr\/blog\/les-10-regles-dor-pour-trouver-le-lieu-ideal-pour-le-jour-j\/\" tabindex=\"-1\"><div class=\"elementor-post__thumbnail\"><img loading=\"lazy\" decoding=\"async\" width=\"700\" height=\"600\" src=\"https:\/\/chouxdebruxelles.be\/wp-content\/uploads\/2022\/08\/10-choses-a-faire-pour-lieu-reception.jpg\" class=\"attachment-full size-full wp-image-1751\" alt=\"10-choses-\u00e0-faire-pour-lieu-reception\" srcset=\"https:\/\/chouxdebruxelles.be\/wp-content\/uploads\/2022\/08\/10-choses-a-faire-pour-lieu-reception.jpg 700w, https:\/\/chouxdebruxelles.be\/wp-content\/uploads\/2022\/08\/10-choses-a-faire-pour-lieu-reception-300x257.jpg 300w\" sizes=\"(max-width: 700px) 100vw, 700px\" \/><\/div><\/a>\n\t\t\t\t<div class=\"elementor-post__text\">\n\t\t\t\t<h3 class=\"elementor-post__title\">\n\t\t\t<a href=\"https:\/\/chouxdebruxelles.be\/fr\/blog\/les-10-regles-dor-pour-trouver-le-lieu-ideal-pour-le-jour-j\/\">\n\t\t\t\tLes 10 r\u00e8gles d\u2019or pour trouver LE lieu id\u00e9al pour le jour-J\t\t\t<\/a>\n\t\t<\/h3>\n\t\t\t\t<div class=\"elementor-post__excerpt\">\n\t\t\t<p>Comment faire pour que ce jour tant r\u00eav\u00e9 soit un conte de f\u00e9e&nbsp;? Choux de Bruxelles vous dit tout sur<\/p>\n\t\t<\/div>\n\t\t\n\t\t<a class=\"elementor-post__read-more\" href=\"https:\/\/chouxdebruxelles.be\/fr\/blog\/les-10-regles-dor-pour-trouver-le-lieu-ideal-pour-le-jour-j\/\" aria-label=\"En savoir plus sur Les 10 r\u00e8gles d\u2019or pour trouver LE lieu id\u00e9al pour le jour-J\" tabindex=\"-1\">\n\t\t\tLire plus &gt;\t\t<\/a>\n\n\t\t\t\t<\/div>\n\t\t\t\t<div class=\"elementor-post__meta-data\">\n\t\t\t\t\t<span class=\"elementor-post-date\">\n\t\t\t17 juillet 2018\t\t<\/span>\n\t\t\t\t<\/div>\n\t\t\t\t\t<\/div>\n\t\t<\/article>\n\t\t\t\t<article class=\"elementor-post elementor-grid-item post-1764 post type-post status-publish format-standard has-post-thumbnail hentry category-blog\">\n\t\t\t<div class=\"elementor-post__card\">\n\t\t\t\t<a class=\"elementor-post__thumbnail__link\" href=\"https:\/\/chouxdebruxelles.be\/fr\/blog\/gios-strada\/\" tabindex=\"-1\"><div class=\"elementor-post__thumbnail\"><img loading=\"lazy\" decoding=\"async\" width=\"900\" height=\"550\" src=\"https:\/\/chouxdebruxelles.be\/wp-content\/uploads\/2022\/08\/gio-s-strada-foodtruck-traiteur-catering_04.jpg\" class=\"attachment-full size-full wp-image-1765\" alt=\"gio-s-strada-foodtruck-traiteur-team\" srcset=\"https:\/\/chouxdebruxelles.be\/wp-content\/uploads\/2022\/08\/gio-s-strada-foodtruck-traiteur-catering_04.jpg 900w, https:\/\/chouxdebruxelles.be\/wp-content\/uploads\/2022\/08\/gio-s-strada-foodtruck-traiteur-catering_04-300x183.jpg 300w, https:\/\/chouxdebruxelles.be\/wp-content\/uploads\/2022\/08\/gio-s-strada-foodtruck-traiteur-catering_04-768x469.jpg 768w\" sizes=\"(max-width: 900px) 100vw, 900px\" \/><\/div><\/a>\n\t\t\t\t<div class=\"elementor-post__text\">\n\t\t\t\t<h3 class=\"elementor-post__title\">\n\t\t\t<a href=\"https:\/\/chouxdebruxelles.be\/fr\/blog\/gios-strada\/\">\n\t\t\t\tGio&rsquo;s Strada\t\t\t<\/a>\n\t\t<\/h3>\n\t\t\t\t<div class=\"elementor-post__excerpt\">\n\t\t\t<p>Transporter les authentiques saveurs de l\u2019Italie et l\u2019esprit de la \u00ab&nbsp;Dolce Vita&nbsp;\u00bb \u00e0 tout endroit et \u00e0 tout moment sur<\/p>\n\t\t<\/div>\n\t\t\n\t\t<a class=\"elementor-post__read-more\" href=\"https:\/\/chouxdebruxelles.be\/fr\/blog\/gios-strada\/\" aria-label=\"En savoir plus sur Gio&rsquo;s Strada\" tabindex=\"-1\">\n\t\t\tLire plus &gt;\t\t<\/a>\n\n\t\t\t\t<\/div>\n\t\t\t\t<div class=\"elementor-post__meta-data\">\n\t\t\t\t\t<span class=\"elementor-post-date\">\n\t\t\t16 ao\u00fbt 2017\t\t<\/span>\n\t\t\t\t<\/div>\n\t\t\t\t\t<\/div>\n\t\t<\/article>\n\t\t\t\t<article class=\"elementor-post elementor-grid-item post-1772 post type-post status-publish format-standard has-post-thumbnail hentry category-blog\">\n\t\t\t<div class=\"elementor-post__card\">\n\t\t\t\t<a class=\"elementor-post__thumbnail__link\" href=\"https:\/\/chouxdebruxelles.be\/fr\/blog\/capitaine-robinson\/\" tabindex=\"-1\"><div class=\"elementor-post__thumbnail\"><img loading=\"lazy\" decoding=\"async\" width=\"800\" height=\"500\" src=\"https:\/\/chouxdebruxelles.be\/wp-content\/uploads\/2022\/08\/img-chalet-01.jpg\" class=\"attachment-full size-full wp-image-1776\" alt=\"Chalet Robinson Capitaine\" srcset=\"https:\/\/chouxdebruxelles.be\/wp-content\/uploads\/2022\/08\/img-chalet-01.jpg 800w, https:\/\/chouxdebruxelles.be\/wp-content\/uploads\/2022\/08\/img-chalet-01-300x188.jpg 300w, https:\/\/chouxdebruxelles.be\/wp-content\/uploads\/2022\/08\/img-chalet-01-768x480.jpg 768w\" sizes=\"(max-width: 800px) 100vw, 800px\" \/><\/div><\/a>\n\t\t\t\t<div class=\"elementor-post__text\">\n\t\t\t\t<h3 class=\"elementor-post__title\">\n\t\t\t<a href=\"https:\/\/chouxdebruxelles.be\/fr\/blog\/capitaine-robinson\/\">\n\t\t\t\tCapitaine Robinson\t\t\t<\/a>\n\t\t<\/h3>\n\t\t\t\t<div class=\"elementor-post__excerpt\">\n\t\t\t<p>Majestueux sur son \u00eele au beau milieu des flots, le Chalet Robinson semble bien inaccessible vu de l\u2019autre rive\u2026 Heureusement,<\/p>\n\t\t<\/div>\n\t\t\n\t\t<a class=\"elementor-post__read-more\" href=\"https:\/\/chouxdebruxelles.be\/fr\/blog\/capitaine-robinson\/\" aria-label=\"En savoir plus sur Capitaine Robinson\" tabindex=\"-1\">\n\t\t\tLire plus &gt;\t\t<\/a>\n\n\t\t\t\t<\/div>\n\t\t\t\t<div class=\"elementor-post__meta-data\">\n\t\t\t\t\t<span class=\"elementor-post-date\">\n\t\t\t22 mai 2017\t\t<\/span>\n\t\t\t\t<\/div>\n\t\t\t\t\t<\/div>\n\t\t<\/article>\n\t\t\t\t<\/div>\n\t\t\t\t\t<span class=\"e-load-more-spinner\">\n\t\t\t\t<i aria-hidden=\"true\" class=\"fas fa-spinner\"><\/i>\t\t\t<\/span>\n\t\t\n\t\t\t\t<\/div>\n\t\t\t\t<\/div>\n\t\t\t\t\t<\/div>\n\t\t<\/div>\n\t\t\t\t\t<\/div>\n\t\t<\/section>\n\t\t\t\t<section class=\"elementor-section elementor-top-section elementor-element elementor-element-cf52798 elementor-section-boxed elementor-section-height-default elementor-section-height-default\" data-id=\"cf52798\" data-element_type=\"section\" data-settings=\"{&quot;background_background&quot;:&quot;classic&quot;}\">\n\t\t\t\t\t\t<div class=\"elementor-container elementor-column-gap-default\">\n\t\t\t\t\t<div class=\"elementor-column elementor-col-100 elementor-top-column elementor-element elementor-element-8d4d8b0\" data-id=\"8d4d8b0\" data-element_type=\"column\">\n\t\t\t<div class=\"elementor-widget-wrap elementor-element-populated\">\n\t\t\t\t\t\t<div class=\"elementor-element elementor-element-83569f8 elementor-widget elementor-widget-spacer\" data-id=\"83569f8\" data-element_type=\"widget\" data-widget_type=\"spacer.default\">\n\t\t\t\t<div class=\"elementor-widget-container\">\n\t\t\t\t\t<div class=\"elementor-spacer\">\n\t\t\t<div class=\"elementor-spacer-inner\"><\/div>\n\t\t<\/div>\n\t\t\t\t<\/div>\n\t\t\t\t<\/div>\n\t\t\t\t\t<\/div>\n\t\t<\/div>\n\t\t\t\t\t<\/div>\n\t\t<\/section>\n\t\t\t\t<\/div>\n\t\t","protected":false},"excerpt":{"rendered":"<p>Actualit\u00e9s : d\u00e9couvrez toutes nos news Les choses bougent chez Choux de Bruxelles ! Restez connect\u00e9 pour d\u00e9couvrir toutes les actualit\u00e9s li\u00e9es \u00e0 l&rsquo;HORECA et le secteur \u00e9v\u00e9nementiel en perp\u00e9tuelle \u00e9volution.<\/p>\n","protected":false},"author":1,"featured_media":0,"parent":0,"menu_order":0,"comment_status":"closed","ping_status":"closed","template":"","meta":{"_mo_disable_npp":"","footnotes":""},"_links":{"self":[{"href":"https:\/\/chouxdebruxelles.be\/fr\/wp-json\/wp\/v2\/pages\/564"}],"collection":[{"href":"https:\/\/chouxdebruxelles.be\/fr\/wp-json\/wp\/v2\/pages"}],"about":[{"href":"https:\/\/chouxdebruxelles.be\/fr\/wp-json\/wp\/v2\/types\/page"}],"author":[{"embeddable":true,"href":"https:\/\/chouxdebruxelles.be\/fr\/wp-json\/wp\/v2\/users\/1"}],"replies":[{"embeddable":true,"href":"https:\/\/chouxdebruxelles.be\/fr\/wp-json\/wp\/v2\/comments?post=564"}],"version-history":[{"count":5,"href":"https:\/\/chouxdebruxelles.be\/fr\/wp-json\/wp\/v2\/pages\/564\/revisions"}],"predecessor-version":[{"id":8397,"href":"https:\/\/chouxdebruxelles.be\/fr\/wp-json\/wp\/v2\/pages\/564\/revisions\/8397"}],"wp:attachment":[{"href":"https:\/\/chouxdebruxelles.be\/fr\/wp-json\/wp\/v2\/media?parent=564"}],"curies":[{"name":"wp","href":"https:\/\/api.w.org\/{rel}","templated":true}]}}